{"version":"1.0","provider_name":"Vodido","provider_url":"http:\/\/www.vodido.com","author_name":"Edit\u00f6r","author_url":"http:\/\/www.vodido.com\/index.php\/author\/vodido\/","title":"Volvo 850 Ne Kadar Sa\u011flam? - Vodido","type":"rich","width":600,"height":338,"html":"<blockquote class=\"wp-embedded-content\"><a href=\"http:\/\/www.vodido.com\/index.php\/2016\/08\/05\/volvo-850-ne-kadar-saglam\/\">Volvo 850 Ne Kadar Sa\u011flam?<\/a><\/blockquote>\n<script type='text\/javascript'>\n<!--\/\/--><![CDATA[\/\/><!--\n\t\t\/*! This file is auto-generated *\/\n\t\t!function(d,l){\"use strict\";var e=!1,n=!1;if(l.querySelector)if(d.addEventListener)e=!0;if(d.wp=d.wp||{},!d.wp.receiveEmbedMessage)if(d.wp.receiveEmbedMessage=function(e){var t=e.data;if(t)if(t.secret||t.message||t.value)if(!\/[^a-zA-Z0-9]\/.test(t.secret)){for(var r,i,a,s=l.querySelectorAll('iframe[data-secret=\"'+t.secret+'\"]'),n=l.querySelectorAll('blockquote[data-secret=\"'+t.secret+'\"]'),o=new RegExp(\"^https?:$\",\"i\"),c=0;c<n.length;c++)n[c].style.display=\"none\";for(c=0;c<s.length;c++)if(r=s[c],e.source===r.contentWindow){if(r.removeAttribute(\"style\"),\"height\"===t.message){if(1e3<(a=parseInt(t.value,10)))a=1e3;else if(~~a<200)a=200;r.height=a}if(\"link\"===t.message)if(i=l.createElement(\"a\"),a=l.createElement(\"a\"),i.href=r.getAttribute(\"src\"),a.href=t.value,o.test(a.protocol))if(a.host===i.host)if(l.activeElement===r)d.top.location.href=t.value}}},e)d.addEventListener(\"message\",d.wp.receiveEmbedMessage,!1),l.addEventListener(\"DOMContentLoaded\",t,!1),d.addEventListener(\"load\",t,!1);function t(){if(!n){n=!0;for(var e,t,r=-1!==navigator.appVersion.indexOf(\"MSIE 10\"),i=!!navigator.userAgent.match(\/Trident.*rv:11\\.\/),a=l.querySelectorAll(\"iframe.wp-embedded-content\"),s=0;s<a.length;s++){if(!(e=a[s]).getAttribute(\"data-secret\"))t=Math.random().toString(36).substr(2,10),e.src+=\"#?secret=\"+t,e.setAttribute(\"data-secret\",t);if(r||i)(t=e.cloneNode(!0)).removeAttribute(\"security\"),e.parentNode.replaceChild(t,e)}}}}(window,document);\n\/\/--><!]]>\n<\/script><iframe sandbox=\"allow-scripts\" security=\"restricted\" src=\"http:\/\/www.vodido.com\/index.php\/2016\/08\/05\/volvo-850-ne-kadar-saglam\/embed\/\" width=\"600\" height=\"338\" title=\"&#8220;Volvo 850 Ne Kadar Sa\u011flam?&#8221; &#8212; Vodido\" frameborder=\"0\" marginwidth=\"0\" marginheight=\"0\" scrolling=\"no\" class=\"wp-embedded-content\"><\/iframe>","thumbnail_url":"http:\/\/www.vodido.com\/wp-content\/uploads\/2016\/08\/Volvo-850-Ne-Kadar-Saglam-02.jpg","thumbnail_width":1100,"thumbnail_height":700,"description":"1992 ve 1997 y\u0131llar\u0131 aras\u0131nda \u00fcretimi ger\u00e7ekle\u015ftirilen Volvo 850. sve\u00e7 \u00fcretimi olan bu ara\u00e7, \u00fclkede d\u00f6neminin en b\u00fcy\u00fck m\u00fchendislik ba\u015far\u0131lar\u0131ndan biri olarak kabul edildi. \u00d6nceki modelleri ile k\u0131yasland\u0131\u011f\u0131ndan \u00e7ok \u00fcst\u00fcn \u00f6zellikler ve yeteneklere sahip olan arac\u0131n dizayn\u0131n\u0131, di\u011fer bir \u00e7ok modelin dizayn\u0131n\u0131 da yapan Jan Wilsgaard adl\u0131 m\u00fchendis yapm\u0131\u015ft\u0131r. \u0130\u00e7 dizayn ve kullan\u0131m se\u00e7eneklerinde en &hellip;"}